{"id":29,"date":"2024-10-05T11:21:35","date_gmt":"2024-10-05T09:21:35","guid":{"rendered":"https:\/\/akupunkturorebro.se\/?page_id=29"},"modified":"2026-04-28T12:49:48","modified_gmt":"2026-04-28T10:49:48","slug":"kontakt-och-tidsbokning","status":"publish","type":"page","link":"https:\/\/akupunkturorebro.se\/index.php\/kontakt-och-tidsbokning\/","title":{"rendered":"Kontakt"},"content":{"rendered":"\t\t<div data-elementor-type=\"wp-page\" data-elementor-id=\"29\" class=\"elementor elementor-29\">\n\t\t\t\t<div class=\"elementor-element elementor-element-58760221 e-flex e-con-boxed e-con e-parent\" data-id=\"58760221\" data-element_type=\"container\" data-e-type=\"container\">\n\t\t\t\t\t<div class=\"e-con-inner\">\n\t\t\t\t<div class=\"elementor-element elementor-element-40e2ed7c elementor-widget elementor-widget-text-editor\" data-id=\"40e2ed7c\" data-element_type=\"widget\" data-e-type=\"widget\" data-widget_type=\"text-editor.default\">\n\t\t\t\t<div class=\"elementor-widget-container\">\n\t\t\t\t\t\t\t\t\t<div>\n<p><\/p>\n<pre><a href=\"https:\/\/www.bokadirekt.se\/places\/holimed-akupunktur-orebro-135400\"><img decoding=\"async\" style=\"vertical-align: middle;\" src=\"https:\/\/m3-prod-gwgxc6dkfya7cya0.a03.azurefd.net\/clientapp\/assets\/images\/BokaTid_Gron_MorkBakgrund_120px.png\" \/><\/a><\/pre>\n<pre><strong>Mob:<\/strong>\u00a0<a href=\"tel:0702037421\">0702037421<\/a><br \/><strong>Mejl:<\/strong>\u00a0<a href=\"mailto:akupunkturorebro@gmail.com\">akupunkturorebro@gmail.com<\/a><\/pre>\n<p>\u00a0<\/p>\n<p><strong>Adress:<\/strong> <a href=\"https:\/\/www.google.com\/maps\/place\/Rudbecksgatan+28,+702+23+%C3%96rebro\/@59.268879,15.2089384,17z\/data=!3m1!4b1!4m6!3m5!1s0x465c14e47703ab85:0xcc0164b377926fa5!8m2!3d59.268879!4d15.2115187!16s%2Fg%2F11cnchcx15?entry=ttu&amp;g_ep=EgoyMDI2MDQyMi4wIKXMDSoASAFQAw%3D%3D\">Rudbecksgatan 28, v\u00e5n. 5, 70223 \u00d6rebro<\/a><\/p>\n<p>\u00a0<\/p>\n<\/div>\n<p><em>\u00a0<\/em><\/p>\n<p><em>Har du fr\u00e5gor om akupunktur eller vill du boka en tid?<\/em><\/p>\n<p><em><\/em><\/p>\n<p><em>V\u00e4lkommen att kontakta mig s\u00e5 \u00e5terkopplar jag s\u00e5 fort jag f\u00e5r m\u00f6jlighet!<\/em><\/p>\n<p><em><\/em><\/p>\n<h6 class=\"wp-block-heading\">\u00a0<\/h6>\n<p><\/p>\n<p><\/p>\n<p><strong><em style=\"font-family: var( --e-global-typography-text-font-family ), Sans-serif; text-align: var(--text-align);\">V\u00e4nligen observera att 24-timmars avbokningsregel g\u00e4ller. <\/em><em style=\"font-family: var( --e-global-typography-text-font-family ), Sans-serif; text-align: var(--text-align);\">Avbokning senare \u00e4n 24 timmar innan bokad tid debiteras fullt pris.\u00a0<\/em><\/strong><\/p>\n<p><\/p>\n<p><\/p>\n<p><\/p>\n<p>Obs! Fr\u00e5n 30\/4 2026 byter jag lokal till Rudbecksgatan 28, v\u00e5n 5 (ing\u00e5ng Jordgatan) c\/o Holimed, 702 23 \u00d6rebro. Det finns hiss till 4.e v\u00e5ningen, och till v\u00e5ning 5 \u00e4r det en trappa att g\u00e5. Anv\u00e4nder du rullstol, rullator eller har sv\u00e5rt att g\u00e5 i trappor s\u00e5 h\u00f6r av dig innan bokning.<\/p>\n<p>\u00a0<\/p>\n<p><\/p>\n<p><em>Varmt v\u00e4lkommen!<\/em><\/p>\n<p><\/p>\t\t\t\t\t\t\t\t<\/div>\n\t\t\t\t<\/div>\n\t\t\t\t\t<\/div>\n\t\t\t\t<\/div>\n\t\t<div class=\"elementor-element elementor-element-2e074c8 e-flex e-con-boxed e-con e-parent\" data-id=\"2e074c8\" data-element_type=\"container\" data-e-type=\"container\">\n\t\t\t\t\t<div class=\"e-con-inner\">\n\t\t\t\t<div class=\"elementor-element elementor-element-9518e3d elementor-widget elementor-widget-google_maps\" data-id=\"9518e3d\" data-element_type=\"widget\" data-e-type=\"widget\" data-widget_type=\"google_maps.default\">\n\t\t\t\t<div class=\"elementor-widget-container\">\n\t\t\t\t\t\t\t<div class=\"elementor-custom-embed\">\n\t\t\t<iframe loading=\"lazy\"\n\t\t\t\t\tsrc=\"https:\/\/maps.google.com\/maps?q=Rudbecksgatan%2028%2C%2070223%20%C3%96rebro&#038;t=m&#038;z=15&#038;output=embed&#038;iwloc=near\"\n\t\t\t\t\ttitle=\"Rudbecksgatan 28, 70223 \u00d6rebro\"\n\t\t\t\t\taria-label=\"Rudbecksgatan 28, 70223 \u00d6rebro\"\n\t\t\t><\/iframe>\n\t\t<\/div>\n\t\t\t\t\t\t<\/div>\n\t\t\t\t<\/div>\n\t\t\t\t\t<\/div>\n\t\t\t\t<\/div>\n\t\t\t\t<\/div>\n\t\t","protected":false},"excerpt":{"rendered":"<p>V\u00e4lkommen att kontakta mig s\u00e5 \u00e5terkopplar jag s\u00e5 fort jag f\u00e5r m\u00f6jlighet! \u00a0 V\u00e4nligen observera att 24-timmars avbokningsregel g\u00e4ller. Avbokning senare \u00e4n 24 timmar innan &hellip; <\/p>\n","protected":false},"author":1,"featured_media":0,"parent":0,"menu_order":0,"comment_status":"closed","ping_status":"closed","template":"","meta":{"footnotes":""},"class_list":["post-29","page","type-page","status-publish","hentry","latest_post"],"yoast_head":"<!-- This site is optimized with the Yoast SEO plugin v27.4 - https:\/\/yoast.com\/product\/yoast-seo-wordpress\/ -->\n<title>Kontakt - AKUPUNKTUR \u00d6REBRO<\/title>\n<meta name=\"robots\" content=\"index, follow, max-snippet:-1, max-image-preview:large, max-video-preview:-1\" \/>\n<link rel=\"canonical\" href=\"https:\/\/akupunkturorebro.se\/index.php\/kontakt-och-tidsbokning\/\" \/>\n<meta property=\"og:locale\" content=\"sv_SE\" \/>\n<meta property=\"og:type\" content=\"article\" \/>\n<meta property=\"og:title\" content=\"Kontakt - AKUPUNKTUR \u00d6REBRO\" \/>\n<meta property=\"og:description\" content=\"V\u00e4lkommen att kontakta mig s\u00e5 \u00e5terkopplar jag s\u00e5 fort jag f\u00e5r m\u00f6jlighet! \u00a0 V\u00e4nligen observera att 24-timmars avbokningsregel g\u00e4ller. Avbokning senare \u00e4n 24 timmar innan &hellip;\" \/>\n<meta property=\"og:url\" content=\"https:\/\/akupunkturorebro.se\/index.php\/kontakt-och-tidsbokning\/\" \/>\n<meta property=\"og:site_name\" content=\"AKUPUNKTUR \u00d6REBRO\" \/>\n<meta property=\"article:modified_time\" content=\"2026-04-28T10:49:48+00:00\" \/>\n<meta property=\"og:image\" content=\"https:\/\/m3-prod-gwgxc6dkfya7cya0.a03.azurefd.net\/clientapp\/assets\/images\/BokaTid_Gron_MorkBakgrund_120px.png\" \/>\n<meta name=\"twitter:card\" content=\"summary_large_image\" \/>\n<meta name=\"twitter:label1\" content=\"Ber\u00e4knad l\u00e4stid\" \/>\n\t<meta name=\"twitter:data1\" content=\"1 minut\" \/>\n<script type=\"application\/ld+json\" class=\"yoast-schema-graph\">{\"@context\":\"https:\\\/\\\/schema.org\",\"@graph\":[{\"@type\":\"WebPage\",\"@id\":\"https:\\\/\\\/akupunkturorebro.se\\\/index.php\\\/kontakt-och-tidsbokning\\\/\",\"url\":\"https:\\\/\\\/akupunkturorebro.se\\\/index.php\\\/kontakt-och-tidsbokning\\\/\",\"name\":\"Kontakt - AKUPUNKTUR \u00d6REBRO\",\"isPartOf\":{\"@id\":\"https:\\\/\\\/akupunkturorebro.se\\\/#website\"},\"primaryImageOfPage\":{\"@id\":\"https:\\\/\\\/akupunkturorebro.se\\\/index.php\\\/kontakt-och-tidsbokning\\\/#primaryimage\"},\"image\":{\"@id\":\"https:\\\/\\\/akupunkturorebro.se\\\/index.php\\\/kontakt-och-tidsbokning\\\/#primaryimage\"},\"thumbnailUrl\":\"https:\\\/\\\/m3-prod-gwgxc6dkfya7cya0.a03.azurefd.net\\\/clientapp\\\/assets\\\/images\\\/BokaTid_Gron_MorkBakgrund_120px.png\",\"datePublished\":\"2024-10-05T09:21:35+00:00\",\"dateModified\":\"2026-04-28T10:49:48+00:00\",\"breadcrumb\":{\"@id\":\"https:\\\/\\\/akupunkturorebro.se\\\/index.php\\\/kontakt-och-tidsbokning\\\/#breadcrumb\"},\"inLanguage\":\"sv-SE\",\"potentialAction\":[{\"@type\":\"ReadAction\",\"target\":[\"https:\\\/\\\/akupunkturorebro.se\\\/index.php\\\/kontakt-och-tidsbokning\\\/\"]}]},{\"@type\":\"ImageObject\",\"inLanguage\":\"sv-SE\",\"@id\":\"https:\\\/\\\/akupunkturorebro.se\\\/index.php\\\/kontakt-och-tidsbokning\\\/#primaryimage\",\"url\":\"https:\\\/\\\/m3-prod-gwgxc6dkfya7cya0.a03.azurefd.net\\\/clientapp\\\/assets\\\/images\\\/BokaTid_Gron_MorkBakgrund_120px.png\",\"contentUrl\":\"https:\\\/\\\/m3-prod-gwgxc6dkfya7cya0.a03.azurefd.net\\\/clientapp\\\/assets\\\/images\\\/BokaTid_Gron_MorkBakgrund_120px.png\"},{\"@type\":\"BreadcrumbList\",\"@id\":\"https:\\\/\\\/akupunkturorebro.se\\\/index.php\\\/kontakt-och-tidsbokning\\\/#breadcrumb\",\"itemListElement\":[{\"@type\":\"ListItem\",\"position\":1,\"name\":\"Hem\",\"item\":\"https:\\\/\\\/akupunkturorebro.se\\\/\"},{\"@type\":\"ListItem\",\"position\":2,\"name\":\"Kontakt\"}]},{\"@type\":\"WebSite\",\"@id\":\"https:\\\/\\\/akupunkturorebro.se\\\/#website\",\"url\":\"https:\\\/\\\/akupunkturorebro.se\\\/\",\"name\":\"Akupunktur \u00d6rebro\",\"description\":\"\",\"publisher\":{\"@id\":\"https:\\\/\\\/akupunkturorebro.se\\\/#\\\/schema\\\/person\\\/936f7a5c8e7e1c0f9a2cee76117118f9\"},\"potentialAction\":[{\"@type\":\"SearchAction\",\"target\":{\"@type\":\"EntryPoint\",\"urlTemplate\":\"https:\\\/\\\/akupunkturorebro.se\\\/?s={search_term_string}\"},\"query-input\":{\"@type\":\"PropertyValueSpecification\",\"valueRequired\":true,\"valueName\":\"search_term_string\"}}],\"inLanguage\":\"sv-SE\"},{\"@type\":[\"Person\",\"Organization\"],\"@id\":\"https:\\\/\\\/akupunkturorebro.se\\\/#\\\/schema\\\/person\\\/936f7a5c8e7e1c0f9a2cee76117118f9\",\"name\":\"Sandrahellner\",\"image\":{\"@type\":\"ImageObject\",\"inLanguage\":\"sv-SE\",\"@id\":\"https:\\\/\\\/akupunkturorebro.se\\\/wp-content\\\/uploads\\\/2024\\\/10\\\/20231006_135521-1-1-768x768-1.jpg\",\"url\":\"https:\\\/\\\/akupunkturorebro.se\\\/wp-content\\\/uploads\\\/2024\\\/10\\\/20231006_135521-1-1-768x768-1.jpg\",\"contentUrl\":\"https:\\\/\\\/akupunkturorebro.se\\\/wp-content\\\/uploads\\\/2024\\\/10\\\/20231006_135521-1-1-768x768-1.jpg\",\"width\":768,\"height\":768,\"caption\":\"Sandrahellner\"},\"logo\":{\"@id\":\"https:\\\/\\\/akupunkturorebro.se\\\/wp-content\\\/uploads\\\/2024\\\/10\\\/20231006_135521-1-1-768x768-1.jpg\"},\"sameAs\":[\"http:\\\/\\\/akupunkturorebro.se\"]}]}<\/script>\n<!-- \/ Yoast SEO plugin. -->","yoast_head_json":{"title":"Kontakt - AKUPUNKTUR \u00d6REBRO","robots":{"index":"index","follow":"follow","max-snippet":"max-snippet:-1","max-image-preview":"max-image-preview:large","max-video-preview":"max-video-preview:-1"},"canonical":"https:\/\/akupunkturorebro.se\/index.php\/kontakt-och-tidsbokning\/","og_locale":"sv_SE","og_type":"article","og_title":"Kontakt - AKUPUNKTUR \u00d6REBRO","og_description":"V\u00e4lkommen att kontakta mig s\u00e5 \u00e5terkopplar jag s\u00e5 fort jag f\u00e5r m\u00f6jlighet! \u00a0 V\u00e4nligen observera att 24-timmars avbokningsregel g\u00e4ller. Avbokning senare \u00e4n 24 timmar innan &hellip;","og_url":"https:\/\/akupunkturorebro.se\/index.php\/kontakt-och-tidsbokning\/","og_site_name":"AKUPUNKTUR \u00d6REBRO","article_modified_time":"2026-04-28T10:49:48+00:00","og_image":[{"url":"https:\/\/m3-prod-gwgxc6dkfya7cya0.a03.azurefd.net\/clientapp\/assets\/images\/BokaTid_Gron_MorkBakgrund_120px.png","type":"","width":"","height":""}],"twitter_card":"summary_large_image","twitter_misc":{"Ber\u00e4knad l\u00e4stid":"1 minut"},"schema":{"@context":"https:\/\/schema.org","@graph":[{"@type":"WebPage","@id":"https:\/\/akupunkturorebro.se\/index.php\/kontakt-och-tidsbokning\/","url":"https:\/\/akupunkturorebro.se\/index.php\/kontakt-och-tidsbokning\/","name":"Kontakt - AKUPUNKTUR \u00d6REBRO","isPartOf":{"@id":"https:\/\/akupunkturorebro.se\/#website"},"primaryImageOfPage":{"@id":"https:\/\/akupunkturorebro.se\/index.php\/kontakt-och-tidsbokning\/#primaryimage"},"image":{"@id":"https:\/\/akupunkturorebro.se\/index.php\/kontakt-och-tidsbokning\/#primaryimage"},"thumbnailUrl":"https:\/\/m3-prod-gwgxc6dkfya7cya0.a03.azurefd.net\/clientapp\/assets\/images\/BokaTid_Gron_MorkBakgrund_120px.png","datePublished":"2024-10-05T09:21:35+00:00","dateModified":"2026-04-28T10:49:48+00:00","breadcrumb":{"@id":"https:\/\/akupunkturorebro.se\/index.php\/kontakt-och-tidsbokning\/#breadcrumb"},"inLanguage":"sv-SE","potentialAction":[{"@type":"ReadAction","target":["https:\/\/akupunkturorebro.se\/index.php\/kontakt-och-tidsbokning\/"]}]},{"@type":"ImageObject","inLanguage":"sv-SE","@id":"https:\/\/akupunkturorebro.se\/index.php\/kontakt-och-tidsbokning\/#primaryimage","url":"https:\/\/m3-prod-gwgxc6dkfya7cya0.a03.azurefd.net\/clientapp\/assets\/images\/BokaTid_Gron_MorkBakgrund_120px.png","contentUrl":"https:\/\/m3-prod-gwgxc6dkfya7cya0.a03.azurefd.net\/clientapp\/assets\/images\/BokaTid_Gron_MorkBakgrund_120px.png"},{"@type":"BreadcrumbList","@id":"https:\/\/akupunkturorebro.se\/index.php\/kontakt-och-tidsbokning\/#breadcrumb","itemListElement":[{"@type":"ListItem","position":1,"name":"Hem","item":"https:\/\/akupunkturorebro.se\/"},{"@type":"ListItem","position":2,"name":"Kontakt"}]},{"@type":"WebSite","@id":"https:\/\/akupunkturorebro.se\/#website","url":"https:\/\/akupunkturorebro.se\/","name":"Akupunktur \u00d6rebro","description":"","publisher":{"@id":"https:\/\/akupunkturorebro.se\/#\/schema\/person\/936f7a5c8e7e1c0f9a2cee76117118f9"},"potentialAction":[{"@type":"SearchAction","target":{"@type":"EntryPoint","urlTemplate":"https:\/\/akupunkturorebro.se\/?s={search_term_string}"},"query-input":{"@type":"PropertyValueSpecification","valueRequired":true,"valueName":"search_term_string"}}],"inLanguage":"sv-SE"},{"@type":["Person","Organization"],"@id":"https:\/\/akupunkturorebro.se\/#\/schema\/person\/936f7a5c8e7e1c0f9a2cee76117118f9","name":"Sandrahellner","image":{"@type":"ImageObject","inLanguage":"sv-SE","@id":"https:\/\/akupunkturorebro.se\/wp-content\/uploads\/2024\/10\/20231006_135521-1-1-768x768-1.jpg","url":"https:\/\/akupunkturorebro.se\/wp-content\/uploads\/2024\/10\/20231006_135521-1-1-768x768-1.jpg","contentUrl":"https:\/\/akupunkturorebro.se\/wp-content\/uploads\/2024\/10\/20231006_135521-1-1-768x768-1.jpg","width":768,"height":768,"caption":"Sandrahellner"},"logo":{"@id":"https:\/\/akupunkturorebro.se\/wp-content\/uploads\/2024\/10\/20231006_135521-1-1-768x768-1.jpg"},"sameAs":["http:\/\/akupunkturorebro.se"]}]}},"jetpack_sharing_enabled":true,"_links":{"self":[{"href":"https:\/\/akupunkturorebro.se\/index.php\/wp-json\/wp\/v2\/pages\/29","targetHints":{"allow":["GET"]}}],"collection":[{"href":"https:\/\/akupunkturorebro.se\/index.php\/wp-json\/wp\/v2\/pages"}],"about":[{"href":"https:\/\/akupunkturorebro.se\/index.php\/wp-json\/wp\/v2\/types\/page"}],"author":[{"embeddable":true,"href":"https:\/\/akupunkturorebro.se\/index.php\/wp-json\/wp\/v2\/users\/1"}],"replies":[{"embeddable":true,"href":"https:\/\/akupunkturorebro.se\/index.php\/wp-json\/wp\/v2\/comments?post=29"}],"version-history":[{"count":94,"href":"https:\/\/akupunkturorebro.se\/index.php\/wp-json\/wp\/v2\/pages\/29\/revisions"}],"predecessor-version":[{"id":538,"href":"https:\/\/akupunkturorebro.se\/index.php\/wp-json\/wp\/v2\/pages\/29\/revisions\/538"}],"wp:attachment":[{"href":"https:\/\/akupunkturorebro.se\/index.php\/wp-json\/wp\/v2\/media?parent=29"}],"curies":[{"name":"wp","href":"https:\/\/api.w.org\/{rel}","templated":true}]}}