{"id":114,"date":"2024-10-06T15:06:59","date_gmt":"2024-10-06T13:06:59","guid":{"rendered":"https:\/\/akupunkturorebro.se\/?page_id=114"},"modified":"2026-05-01T19:23:51","modified_gmt":"2026-05-01T17:23:51","slug":"akupunktor-sandra-hellner","status":"publish","type":"page","link":"https:\/\/akupunkturorebro.se\/index.php\/akupunktor-sandra-hellner\/","title":{"rendered":"Akupunkt\u00f6r Sandra Hellner"},"content":{"rendered":"<div class=\"wp-block-image\">\n<figure class=\"alignright size-large is-resized\"><img fetchpriority=\"high\" decoding=\"async\" width=\"1024\" height=\"1024\" src=\"http:\/\/akupunkturorebro.se\/wp-content\/uploads\/2026\/05\/sandra-holimed-1024x1024.jpg\" alt=\"Akupunktur-behandlingar mot sm\u00e4rta, stress, s\u00f6mnsv\u00e5righeter, utbr\u00e4ndhet, nedsatt immunf\u00f6rsvar, depression, trauma, chock.\" class=\"wp-image-540\" style=\"width:328px;height:auto\" srcset=\"https:\/\/akupunkturorebro.se\/wp-content\/uploads\/2026\/05\/sandra-holimed-1024x1024.jpg 1024w, https:\/\/akupunkturorebro.se\/wp-content\/uploads\/2026\/05\/sandra-holimed-300x300.jpg 300w, https:\/\/akupunkturorebro.se\/wp-content\/uploads\/2026\/05\/sandra-holimed-150x150.jpg 150w, https:\/\/akupunkturorebro.se\/wp-content\/uploads\/2026\/05\/sandra-holimed-768x768.jpg 768w, https:\/\/akupunkturorebro.se\/wp-content\/uploads\/2026\/05\/sandra-holimed-1536x1536.jpg 1536w, https:\/\/akupunkturorebro.se\/wp-content\/uploads\/2026\/05\/sandra-holimed-2048x2048.jpg 2048w, https:\/\/akupunkturorebro.se\/wp-content\/uploads\/2026\/05\/sandra-holimed-144x144.jpg 144w, https:\/\/akupunkturorebro.se\/wp-content\/uploads\/2026\/05\/sandra-holimed-60x60.jpg 60w\" sizes=\"(max-width: 1024px) 100vw, 1024px\" \/><\/figure>\n<\/div>\n\n\n<p>Jag har arbetat med akupunktur och kinesisk medicin sen 2013. Akupunkturutbildningen som var p\u00e5 3,5 \u00e5r studerade jag i Finland p\u00e5 International School of Acupuncture, ISA. Har \u00e4ven vidareutbildat mig i skalp-akupunktur f\u00f6r Susanne Robidoux, vilket \u00e4r s\u00e4rskilt effektivt mot neurologiska besv\u00e4r och sm\u00e4rtproblematik. Jag \u00e4r \u00e4ven medlem i <a href=\"https:\/\/akupunkturforbundet.se\/\">Svenska akupunkturf\u00f6rbundet,<\/a> d\u00e4r kan du som kund l\u00e4sa mer om akupunktur.<\/p>\n\n\n\n<p>Tidigt i livet intresserade jag mig f\u00f6r \u00f6sterl\u00e4ndsk filosofi, och i tjugo\u00e5rs\u00e5ldern kom jag i kontakt med den klassiska akupunkturen via akupunkt\u00f6r Chris Bunkell. Det blev ett revolutionerande s\u00e4tt att se p\u00e5 livet g\u00e4llande kost, h\u00e4lsa och orsaker till oh\u00e4lsa. Att leva i harmoni med \u00e5rstiderna och anpassa kost och vanor efter v\u00e5r, sommar, h\u00f6st och vinter blev ett nytt s\u00e4tt att hitta balans och fr\u00e4mja h\u00e4lsa. Chris hade studerat Stems and Branches akupunktur p\u00e5 ICOM i Storbritannien, under ledning av Dr. van Buren, som var en pionj\u00e4r inom Stems and Branches- filosofin p\u00e5 det s\u00e4ttet han f\u00f6rde den fram\u00e5t i v\u00e4st. Chris Bunkell startade senare den klassiska akupunkturutbildningen i Finland.<\/p>\n\n\n\n<p>Inom klassisk akupunktur, \u00e4ven kallad konstitutionell akupunktur eller Stems and Branches, ses varje m\u00e4nniska som en helhet och som en unik individ. Alla aspekter som livsstil, kostvanor, stressorer, nuvarande och tidigare sjukdomar, uppv\u00e4xt, kultur och personlighet \u00e4r delar som p\u00e5verkar h\u00e4lsa och som kan bidra till oh\u00e4lsa. <\/p>\n\n\n\n<p>H\u00e4lsa \u00e4r ett begrepp som \u00e4r h\u00f6gst individuellt, men WHO (World Health Organization) definierar h\u00e4lsa som <a href=\"https:\/\/www.who.int\/about\/governance\/constitution\">&#8221;<em>Health is a state of complete physical, mental and social well-being and not merely the absence of disease or infirmity<\/em>&#8221;. <\/a><\/p>\n\n\n\n<p>Akupunktur och framf\u00f6rallt <strong>konstitutionell<\/strong> <strong>akupunktur<\/strong> kan hj\u00e4lpa till att \u00e5terf\u00e5 h\u00e4lsa genom individuellt utvalda akupunkturpunkter, f\u00f6r att f\u00e5 kroppen tillbaka i balans.<\/p>\n\n\n\n<p><\/p>\n\n\n\n<p><\/p>\n\n\n\n<p><\/p>\n\n\n\n<h2 class=\"wp-block-heading\"><strong>UTBILDNINGAR<\/strong><\/h2>\n\n\n\n<p><strong>Grundutbildning Classical Chinese Medicine<\/strong>, International School of Acupuncture, ISA: Finland, Espoo, 2008-2011<\/p>\n\n\n\n<p><strong>L\u00e4rlingsutbildning med akupunkt\u00f6r Anu Rusanen<\/strong> 6 m\u00e5nader: Finland, Espoo, 2011<\/p>\n\n\n\n<p><strong>Akupunktur f\u00f6r behandling av barn<\/strong>, Efrat Abramson &amp; Aram Tzaig: Finland, Espoo, 2011<\/p>\n\n\n\n<p><strong>\u00d6ron-akupunktur<\/strong>, Helen Law Lundgren: Eskilstuna, Sverige, 2015<\/p>\n\n\n\n<p><strong>Sjuksk\u00f6terskeutbildning<\/strong>, \u00d6rebro Universitet, 2013-2016<\/p>\n\n\n\n<p><strong>Skalp-akupunktur<\/strong>, Suzanne Robidoux: Leksand, Sverige, 2017<\/p>\n\n\n\n<p><strong>Estetisk akupunktu<\/strong>r, Gun Heed: Stockholm, Sverige 2019<\/p>\n\n\n\n<p><strong>Vidareutbildning Classical Chinese Medicine, Stems and Branches<\/strong>, Tae-Hunn Lee: Finland, Espoo, Maj &amp; November 2025<\/p>\n\n\n\n<p><strong>Vidareutbildning<\/strong> <strong>pulsdiagnostik<\/strong>: Tae-Hunn Lee: Finland, Espoo, Mars 2026<\/p>\n","protected":false},"excerpt":{"rendered":"<p>Jag har arbetat med akupunktur och kinesisk medicin sen 2013. Akupunkturutbildningen som var p\u00e5 3,5 \u00e5r studerade jag i Finland p\u00e5 International School of Acupuncture, &hellip; <\/p>\n","protected":false},"author":1,"featured_media":0,"parent":0,"menu_order":0,"comment_status":"closed","ping_status":"closed","template":"","meta":{"footnotes":""},"class_list":["post-114","page","type-page","status-publish","hentry","latest_post"],"yoast_head":"<!-- This site is optimized with the Yoast SEO plugin v27.4 - https:\/\/yoast.com\/product\/yoast-seo-wordpress\/ -->\n<title>Akupunkt\u00f6r Sandra Hellner - AKUPUNKTUR \u00d6REBRO<\/title>\n<meta name=\"robots\" content=\"index, follow, max-snippet:-1, max-image-preview:large, max-video-preview:-1\" \/>\n<link rel=\"canonical\" href=\"https:\/\/akupunkturorebro.se\/index.php\/akupunktor-sandra-hellner\/\" \/>\n<meta property=\"og:locale\" content=\"sv_SE\" \/>\n<meta property=\"og:type\" content=\"article\" \/>\n<meta property=\"og:title\" content=\"Akupunkt\u00f6r Sandra Hellner - AKUPUNKTUR \u00d6REBRO\" \/>\n<meta property=\"og:description\" content=\"Jag har arbetat med akupunktur och kinesisk medicin sen 2013. Akupunkturutbildningen som var p\u00e5 3,5 \u00e5r studerade jag i Finland p\u00e5 International School of Acupuncture, &hellip;\" \/>\n<meta property=\"og:url\" content=\"https:\/\/akupunkturorebro.se\/index.php\/akupunktor-sandra-hellner\/\" \/>\n<meta property=\"og:site_name\" content=\"AKUPUNKTUR \u00d6REBRO\" \/>\n<meta property=\"article:modified_time\" content=\"2026-05-01T17:23:51+00:00\" \/>\n<meta property=\"og:image\" content=\"https:\/\/akupunkturorebro.se\/wp-content\/uploads\/2026\/05\/sandra-holimed.jpg\" \/>\n\t<meta property=\"og:image:width\" content=\"2406\" \/>\n\t<meta property=\"og:image:height\" content=\"2406\" \/>\n\t<meta property=\"og:image:type\" content=\"image\/jpeg\" \/>\n<meta name=\"twitter:card\" content=\"summary_large_image\" \/>\n<meta name=\"twitter:label1\" content=\"Ber\u00e4knad l\u00e4stid\" \/>\n\t<meta name=\"twitter:data1\" content=\"2 minuter\" \/>\n<script type=\"application\/ld+json\" class=\"yoast-schema-graph\">{\"@context\":\"https:\\\/\\\/schema.org\",\"@graph\":[{\"@type\":\"WebPage\",\"@id\":\"https:\\\/\\\/akupunkturorebro.se\\\/index.php\\\/akupunktor-sandra-hellner\\\/\",\"url\":\"https:\\\/\\\/akupunkturorebro.se\\\/index.php\\\/akupunktor-sandra-hellner\\\/\",\"name\":\"Akupunkt\u00f6r Sandra Hellner - AKUPUNKTUR \u00d6REBRO\",\"isPartOf\":{\"@id\":\"https:\\\/\\\/akupunkturorebro.se\\\/#website\"},\"primaryImageOfPage\":{\"@id\":\"https:\\\/\\\/akupunkturorebro.se\\\/index.php\\\/akupunktor-sandra-hellner\\\/#primaryimage\"},\"image\":{\"@id\":\"https:\\\/\\\/akupunkturorebro.se\\\/index.php\\\/akupunktor-sandra-hellner\\\/#primaryimage\"},\"thumbnailUrl\":\"http:\\\/\\\/akupunkturorebro.se\\\/wp-content\\\/uploads\\\/2026\\\/05\\\/sandra-holimed-1024x1024.jpg\",\"datePublished\":\"2024-10-06T13:06:59+00:00\",\"dateModified\":\"2026-05-01T17:23:51+00:00\",\"breadcrumb\":{\"@id\":\"https:\\\/\\\/akupunkturorebro.se\\\/index.php\\\/akupunktor-sandra-hellner\\\/#breadcrumb\"},\"inLanguage\":\"sv-SE\",\"potentialAction\":[{\"@type\":\"ReadAction\",\"target\":[\"https:\\\/\\\/akupunkturorebro.se\\\/index.php\\\/akupunktor-sandra-hellner\\\/\"]}]},{\"@type\":\"ImageObject\",\"inLanguage\":\"sv-SE\",\"@id\":\"https:\\\/\\\/akupunkturorebro.se\\\/index.php\\\/akupunktor-sandra-hellner\\\/#primaryimage\",\"url\":\"https:\\\/\\\/akupunkturorebro.se\\\/wp-content\\\/uploads\\\/2026\\\/05\\\/sandra-holimed.jpg\",\"contentUrl\":\"https:\\\/\\\/akupunkturorebro.se\\\/wp-content\\\/uploads\\\/2026\\\/05\\\/sandra-holimed.jpg\",\"width\":2406,\"height\":2406,\"caption\":\"Akupunktur-behandlingar mot sm\u00e4rta, stress, s\u00f6mnsv\u00e5righeter, utbr\u00e4ndhet, nedsatt immunf\u00f6rsvar, depression, trauma, chock.\"},{\"@type\":\"BreadcrumbList\",\"@id\":\"https:\\\/\\\/akupunkturorebro.se\\\/index.php\\\/akupunktor-sandra-hellner\\\/#breadcrumb\",\"itemListElement\":[{\"@type\":\"ListItem\",\"position\":1,\"name\":\"Hem\",\"item\":\"https:\\\/\\\/akupunkturorebro.se\\\/\"},{\"@type\":\"ListItem\",\"position\":2,\"name\":\"Akupunkt\u00f6r Sandra Hellner\"}]},{\"@type\":\"WebSite\",\"@id\":\"https:\\\/\\\/akupunkturorebro.se\\\/#website\",\"url\":\"https:\\\/\\\/akupunkturorebro.se\\\/\",\"name\":\"Akupunktur \u00d6rebro\",\"description\":\"\",\"publisher\":{\"@id\":\"https:\\\/\\\/akupunkturorebro.se\\\/#\\\/schema\\\/person\\\/936f7a5c8e7e1c0f9a2cee76117118f9\"},\"potentialAction\":[{\"@type\":\"SearchAction\",\"target\":{\"@type\":\"EntryPoint\",\"urlTemplate\":\"https:\\\/\\\/akupunkturorebro.se\\\/?s={search_term_string}\"},\"query-input\":{\"@type\":\"PropertyValueSpecification\",\"valueRequired\":true,\"valueName\":\"search_term_string\"}}],\"inLanguage\":\"sv-SE\"},{\"@type\":[\"Person\",\"Organization\"],\"@id\":\"https:\\\/\\\/akupunkturorebro.se\\\/#\\\/schema\\\/person\\\/936f7a5c8e7e1c0f9a2cee76117118f9\",\"name\":\"Sandrahellner\",\"image\":{\"@type\":\"ImageObject\",\"inLanguage\":\"sv-SE\",\"@id\":\"https:\\\/\\\/akupunkturorebro.se\\\/wp-content\\\/uploads\\\/2024\\\/10\\\/20231006_135521-1-1-768x768-1.jpg\",\"url\":\"https:\\\/\\\/akupunkturorebro.se\\\/wp-content\\\/uploads\\\/2024\\\/10\\\/20231006_135521-1-1-768x768-1.jpg\",\"contentUrl\":\"https:\\\/\\\/akupunkturorebro.se\\\/wp-content\\\/uploads\\\/2024\\\/10\\\/20231006_135521-1-1-768x768-1.jpg\",\"width\":768,\"height\":768,\"caption\":\"Sandrahellner\"},\"logo\":{\"@id\":\"https:\\\/\\\/akupunkturorebro.se\\\/wp-content\\\/uploads\\\/2024\\\/10\\\/20231006_135521-1-1-768x768-1.jpg\"},\"sameAs\":[\"http:\\\/\\\/akupunkturorebro.se\"]}]}<\/script>\n<!-- \/ Yoast SEO plugin. -->","yoast_head_json":{"title":"Akupunkt\u00f6r Sandra Hellner - AKUPUNKTUR \u00d6REBRO","robots":{"index":"index","follow":"follow","max-snippet":"max-snippet:-1","max-image-preview":"max-image-preview:large","max-video-preview":"max-video-preview:-1"},"canonical":"https:\/\/akupunkturorebro.se\/index.php\/akupunktor-sandra-hellner\/","og_locale":"sv_SE","og_type":"article","og_title":"Akupunkt\u00f6r Sandra Hellner - AKUPUNKTUR \u00d6REBRO","og_description":"Jag har arbetat med akupunktur och kinesisk medicin sen 2013. Akupunkturutbildningen som var p\u00e5 3,5 \u00e5r studerade jag i Finland p\u00e5 International School of Acupuncture, &hellip;","og_url":"https:\/\/akupunkturorebro.se\/index.php\/akupunktor-sandra-hellner\/","og_site_name":"AKUPUNKTUR \u00d6REBRO","article_modified_time":"2026-05-01T17:23:51+00:00","og_image":[{"width":2406,"height":2406,"url":"https:\/\/akupunkturorebro.se\/wp-content\/uploads\/2026\/05\/sandra-holimed.jpg","type":"image\/jpeg"}],"twitter_card":"summary_large_image","twitter_misc":{"Ber\u00e4knad l\u00e4stid":"2 minuter"},"schema":{"@context":"https:\/\/schema.org","@graph":[{"@type":"WebPage","@id":"https:\/\/akupunkturorebro.se\/index.php\/akupunktor-sandra-hellner\/","url":"https:\/\/akupunkturorebro.se\/index.php\/akupunktor-sandra-hellner\/","name":"Akupunkt\u00f6r Sandra Hellner - AKUPUNKTUR \u00d6REBRO","isPartOf":{"@id":"https:\/\/akupunkturorebro.se\/#website"},"primaryImageOfPage":{"@id":"https:\/\/akupunkturorebro.se\/index.php\/akupunktor-sandra-hellner\/#primaryimage"},"image":{"@id":"https:\/\/akupunkturorebro.se\/index.php\/akupunktor-sandra-hellner\/#primaryimage"},"thumbnailUrl":"http:\/\/akupunkturorebro.se\/wp-content\/uploads\/2026\/05\/sandra-holimed-1024x1024.jpg","datePublished":"2024-10-06T13:06:59+00:00","dateModified":"2026-05-01T17:23:51+00:00","breadcrumb":{"@id":"https:\/\/akupunkturorebro.se\/index.php\/akupunktor-sandra-hellner\/#breadcrumb"},"inLanguage":"sv-SE","potentialAction":[{"@type":"ReadAction","target":["https:\/\/akupunkturorebro.se\/index.php\/akupunktor-sandra-hellner\/"]}]},{"@type":"ImageObject","inLanguage":"sv-SE","@id":"https:\/\/akupunkturorebro.se\/index.php\/akupunktor-sandra-hellner\/#primaryimage","url":"https:\/\/akupunkturorebro.se\/wp-content\/uploads\/2026\/05\/sandra-holimed.jpg","contentUrl":"https:\/\/akupunkturorebro.se\/wp-content\/uploads\/2026\/05\/sandra-holimed.jpg","width":2406,"height":2406,"caption":"Akupunktur-behandlingar mot sm\u00e4rta, stress, s\u00f6mnsv\u00e5righeter, utbr\u00e4ndhet, nedsatt immunf\u00f6rsvar, depression, trauma, chock."},{"@type":"BreadcrumbList","@id":"https:\/\/akupunkturorebro.se\/index.php\/akupunktor-sandra-hellner\/#breadcrumb","itemListElement":[{"@type":"ListItem","position":1,"name":"Hem","item":"https:\/\/akupunkturorebro.se\/"},{"@type":"ListItem","position":2,"name":"Akupunkt\u00f6r Sandra Hellner"}]},{"@type":"WebSite","@id":"https:\/\/akupunkturorebro.se\/#website","url":"https:\/\/akupunkturorebro.se\/","name":"Akupunktur \u00d6rebro","description":"","publisher":{"@id":"https:\/\/akupunkturorebro.se\/#\/schema\/person\/936f7a5c8e7e1c0f9a2cee76117118f9"},"potentialAction":[{"@type":"SearchAction","target":{"@type":"EntryPoint","urlTemplate":"https:\/\/akupunkturorebro.se\/?s={search_term_string}"},"query-input":{"@type":"PropertyValueSpecification","valueRequired":true,"valueName":"search_term_string"}}],"inLanguage":"sv-SE"},{"@type":["Person","Organization"],"@id":"https:\/\/akupunkturorebro.se\/#\/schema\/person\/936f7a5c8e7e1c0f9a2cee76117118f9","name":"Sandrahellner","image":{"@type":"ImageObject","inLanguage":"sv-SE","@id":"https:\/\/akupunkturorebro.se\/wp-content\/uploads\/2024\/10\/20231006_135521-1-1-768x768-1.jpg","url":"https:\/\/akupunkturorebro.se\/wp-content\/uploads\/2024\/10\/20231006_135521-1-1-768x768-1.jpg","contentUrl":"https:\/\/akupunkturorebro.se\/wp-content\/uploads\/2024\/10\/20231006_135521-1-1-768x768-1.jpg","width":768,"height":768,"caption":"Sandrahellner"},"logo":{"@id":"https:\/\/akupunkturorebro.se\/wp-content\/uploads\/2024\/10\/20231006_135521-1-1-768x768-1.jpg"},"sameAs":["http:\/\/akupunkturorebro.se"]}]}},"jetpack_sharing_enabled":true,"_links":{"self":[{"href":"https:\/\/akupunkturorebro.se\/index.php\/wp-json\/wp\/v2\/pages\/114","targetHints":{"allow":["GET"]}}],"collection":[{"href":"https:\/\/akupunkturorebro.se\/index.php\/wp-json\/wp\/v2\/pages"}],"about":[{"href":"https:\/\/akupunkturorebro.se\/index.php\/wp-json\/wp\/v2\/types\/page"}],"author":[{"embeddable":true,"href":"https:\/\/akupunkturorebro.se\/index.php\/wp-json\/wp\/v2\/users\/1"}],"replies":[{"embeddable":true,"href":"https:\/\/akupunkturorebro.se\/index.php\/wp-json\/wp\/v2\/comments?post=114"}],"version-history":[{"count":22,"href":"https:\/\/akupunkturorebro.se\/index.php\/wp-json\/wp\/v2\/pages\/114\/revisions"}],"predecessor-version":[{"id":544,"href":"https:\/\/akupunkturorebro.se\/index.php\/wp-json\/wp\/v2\/pages\/114\/revisions\/544"}],"wp:attachment":[{"href":"https:\/\/akupunkturorebro.se\/index.php\/wp-json\/wp\/v2\/media?parent=114"}],"curies":[{"name":"wp","href":"https:\/\/api.w.org\/{rel}","templated":true}]}}